{"id":282,"date":"2021-06-20T16:31:07","date_gmt":"2021-06-20T14:31:07","guid":{"rendered":"http:\/\/pwcwcst.cluster028.hosting.ovh.net\/?page_id=282"},"modified":"2024-01-17T18:37:51","modified_gmt":"2024-01-17T17:37:51","slug":"la-galerie-maison-dhotes-peyreleau-aveyron","status":"publish","type":"page","link":"https:\/\/ermitagedepeyreleau.com\/index.php\/la-galerie-maison-dhotes-peyreleau-aveyron\/","title":{"rendered":"La galerie Trou d&rsquo;art \u00e0 Peyreleau"},"content":{"rendered":"\n<p>D\u00e9couvrez les \u0153uvres de Philippe Garsi , dans notre maison d&rsquo;h\u00f4tes, \u00e0 travers la galerie Trou d&rsquo;art  \u00e0 Peyreleau, en Aveyron ou sur le site <a data-type=\"URL\" data-id=\"https:\/\/garsi.dictionnairedesartistescotes.com\/\" href=\"https:\/\/garsi.dictionnairedesartistescotes.com\/\" target=\"_blank\" rel=\"noreferrer noopener\">dictionnaire des artistes cot\u00e9s<\/a> <\/p>\n\n\n<div class=\"wp-block-image\">\n<figure class=\"alignright size-large is-resized\"><a href=\"https:\/\/garsi.dictionnairedesartistescotes.com\/\" target=\"_blank\" rel=\"noopener\"><img loading=\"lazy\" decoding=\"async\" src=\"https:\/\/ermitagedepeyreleau.com\/wp-content\/uploads\/2021\/07\/dc_f0.jpg\" alt=\"\" class=\"wp-image-455\" width=\"167\" height=\"63\" srcset=\"https:\/\/ermitagedepeyreleau.com\/wp-content\/uploads\/2021\/07\/dc_f0.jpg 315w, https:\/\/ermitagedepeyreleau.com\/wp-content\/uploads\/2021\/07\/dc_f0-300x112.jpg 300w\" sizes=\"(max-width: 167px) 100vw, 167px\" \/><\/a><\/figure><\/div>\n\n\n<figure class=\"wp-block-image size-large is-resized\"><img loading=\"lazy\" decoding=\"async\" src=\"https:\/\/ermitagedepeyreleau.com\/wp-content\/uploads\/2021\/07\/IMG_20190702_085152-759x1024.jpg\" alt=\"maison d'hotes galerie d'art philippe garsi\" class=\"wp-image-361\" width=\"224\" height=\"302\" srcset=\"https:\/\/ermitagedepeyreleau.com\/wp-content\/uploads\/2021\/07\/IMG_20190702_085152-759x1024.jpg 759w, https:\/\/ermitagedepeyreleau.com\/wp-content\/uploads\/2021\/07\/IMG_20190702_085152-222x300.jpg 222w, https:\/\/ermitagedepeyreleau.com\/wp-content\/uploads\/2021\/07\/IMG_20190702_085152-768x1037.jpg 768w, https:\/\/ermitagedepeyreleau.com\/wp-content\/uploads\/2021\/07\/IMG_20190702_085152-1138x1536.jpg 1138w, https:\/\/ermitagedepeyreleau.com\/wp-content\/uploads\/2021\/07\/IMG_20190702_085152-1517x2048.jpg 1517w, https:\/\/ermitagedepeyreleau.com\/wp-content\/uploads\/2021\/07\/IMG_20190702_085152-676x913.jpg 676w, https:\/\/ermitagedepeyreleau.com\/wp-content\/uploads\/2021\/07\/IMG_20190702_085152-scaled.jpg 1896w\" sizes=\"(max-width: 224px) 100vw, 224px\" \/><figcaption class=\"wp-element-caption\">Jpeg<\/figcaption><\/figure>\n\n\n<div class=\"wp-block-image\">\n<figure class=\"aligncenter size-large is-resized\"><img loading=\"lazy\" decoding=\"async\" src=\"https:\/\/ermitagedepeyreleau.com\/wp-content\/uploads\/2021\/07\/carte-de-visite-trou-dart13.11.2006-refaite-747x1024.jpg\" alt=\"\" class=\"wp-image-441\" width=\"222\" height=\"303\" srcset=\"https:\/\/ermitagedepeyreleau.com\/wp-content\/uploads\/2021\/07\/carte-de-visite-trou-dart13.11.2006-refaite-747x1024.jpg 747w, https:\/\/ermitagedepeyreleau.com\/wp-content\/uploads\/2021\/07\/carte-de-visite-trou-dart13.11.2006-refaite-219x300.jpg 219w, https:\/\/ermitagedepeyreleau.com\/wp-content\/uploads\/2021\/07\/carte-de-visite-trou-dart13.11.2006-refaite-768x1052.jpg 768w, https:\/\/ermitagedepeyreleau.com\/wp-content\/uploads\/2021\/07\/carte-de-visite-trou-dart13.11.2006-refaite-1121x1536.jpg 1121w, https:\/\/ermitagedepeyreleau.com\/wp-content\/uploads\/2021\/07\/carte-de-visite-trou-dart13.11.2006-refaite-1495x2048.jpg 1495w, https:\/\/ermitagedepeyreleau.com\/wp-content\/uploads\/2021\/07\/carte-de-visite-trou-dart13.11.2006-refaite-676x926.jpg 676w, https:\/\/ermitagedepeyreleau.com\/wp-content\/uploads\/2021\/07\/carte-de-visite-trou-dart13.11.2006-refaite-scaled.jpg 1868w\" sizes=\"(max-width: 222px) 100vw, 222px\" \/><\/figure><\/div>\n\n\n<figure class=\"wp-block-gallery has-nested-images columns-default is-cropped wp-block-gallery-1 is-layout-flex wp-block-gallery-is-layout-flex\">\n<figure class=\"wp-block-image size-large\"><img loading=\"lazy\" decoding=\"async\" width=\"1024\" height=\"715\" data-id=\"464\" src=\"https:\/\/ermitagedepeyreleau.com\/wp-content\/uploads\/2021\/07\/salle-dexpo-1024x715.jpg\" alt=\"\" class=\"wp-image-464\" srcset=\"https:\/\/ermitagedepeyreleau.com\/wp-content\/uploads\/2021\/07\/salle-dexpo-1024x715.jpg 1024w, https:\/\/ermitagedepeyreleau.com\/wp-content\/uploads\/2021\/07\/salle-dexpo-300x210.jpg 300w, https:\/\/ermitagedepeyreleau.com\/wp-content\/uploads\/2021\/07\/salle-dexpo-768x536.jpg 768w, https:\/\/ermitagedepeyreleau.com\/wp-content\/uploads\/2021\/07\/salle-dexpo-1536x1073.jpg 1536w, https:\/\/ermitagedepeyreleau.com\/wp-content\/uploads\/2021\/07\/salle-dexpo-2048x1431.jpg 2048w, https:\/\/ermitagedepeyreleau.com\/wp-content\/uploads\/2021\/07\/salle-dexpo-676x472.jpg 676w\" sizes=\"(max-width: 1024px) 100vw, 1024px\" \/><figcaption class=\"wp-element-caption\">Jpeg<\/figcaption><\/figure>\n<\/figure>\n\n\n\n\n\n<p>Pour plus d&rsquo;informations sur les \u0153uvres de Phillipe GARSI, vous pouvez nous joindre<a href=\"https:\/\/ermitagedepeyreleau.com\/index.php\/contact\/\"> ici<\/a>.<\/p>\n","protected":false},"excerpt":{"rendered":"<p>D\u00e9couvrez les \u0153uvres de Philippe Garsi , dans notre maison d&rsquo;h\u00f4tes, \u00e0 travers la galerie Trou d&rsquo;art \u00e0 Peyreleau, en Aveyron ou sur le site dictionnaire des artistes cot\u00e9s Pour plus d&rsquo;informations sur les \u0153uvres de Phillipe GARSI, vous pouvez nous joindre ici.<\/p>\n","protected":false},"author":1,"featured_media":0,"parent":0,"menu_order":0,"comment_status":"closed","ping_status":"closed","template":"","meta":{"footnotes":""},"yoast_head":"<!-- This site is optimized with the Yoast SEO plugin v19.14 - https:\/\/yoast.com\/wordpress\/plugins\/seo\/ -->\n<title>Maison d&#039;h\u00f4tes et La galerie Trou d&#039;art \u00e0 Peyreleau , Aveyron<\/title>\n<meta name=\"description\" content=\"D\u00e9couvrez les \u0153uvres de Philippe Garsi , dans notre maison d&#039;h\u00f4tes, \u00e0 travers la galerie d&#039;art \u00e0 Peyreleau, en Aveyron\" \/>\n<meta name=\"robots\" content=\"index, follow, max-snippet:-1, max-image-preview:large, max-video-preview:-1\" \/>\n<link rel=\"canonical\" href=\"https:\/\/ermitagedepeyreleau.com\/index.php\/la-galerie-maison-dhotes-peyreleau-aveyron\/\" \/>\n<meta property=\"og:locale\" content=\"fr_FR\" \/>\n<meta property=\"og:type\" content=\"article\" \/>\n<meta property=\"og:title\" content=\"Maison d&#039;h\u00f4tes et La galerie Trou d&#039;art \u00e0 Peyreleau , Aveyron\" \/>\n<meta property=\"og:description\" content=\"D\u00e9couvrez les \u0153uvres de Philippe Garsi , dans notre maison d&#039;h\u00f4tes, \u00e0 travers la galerie d&#039;art \u00e0 Peyreleau, en Aveyron\" \/>\n<meta property=\"og:url\" content=\"https:\/\/ermitagedepeyreleau.com\/index.php\/la-galerie-maison-dhotes-peyreleau-aveyron\/\" \/>\n<meta property=\"og:site_name\" content=\"Ermitage de Peyreleau\" \/>\n<meta property=\"article:publisher\" content=\"https:\/\/www.facebook.com\/ermitagedepeyreleau\" \/>\n<meta property=\"article:modified_time\" content=\"2024-01-17T17:37:51+00:00\" \/>\n<meta property=\"og:image\" content=\"https:\/\/ermitagedepeyreleau.com\/wp-content\/uploads\/2021\/07\/dc_f0.jpg\" \/>\n<meta name=\"twitter:card\" content=\"summary_large_image\" \/>\n<meta name=\"twitter:label1\" content=\"Dur\u00e9e de lecture estim\u00e9e\" \/>\n\t<meta name=\"twitter:data1\" content=\"2 minutes\" \/>\n<script type=\"application\/ld+json\" class=\"yoast-schema-graph\">{\"@context\":\"https:\/\/schema.org\",\"@graph\":[{\"@type\":\"WebPage\",\"@id\":\"https:\/\/ermitagedepeyreleau.com\/index.php\/la-galerie-maison-dhotes-peyreleau-aveyron\/\",\"url\":\"https:\/\/ermitagedepeyreleau.com\/index.php\/la-galerie-maison-dhotes-peyreleau-aveyron\/\",\"name\":\"Maison d'h\u00f4tes et La galerie Trou d'art \u00e0 Peyreleau , Aveyron\",\"isPartOf\":{\"@id\":\"https:\/\/ermitagedepeyreleau.com\/#website\"},\"datePublished\":\"2021-06-20T14:31:07+00:00\",\"dateModified\":\"2024-01-17T17:37:51+00:00\",\"description\":\"D\u00e9couvrez les \u0153uvres de Philippe Garsi , dans notre maison d'h\u00f4tes, \u00e0 travers la galerie d'art \u00e0 Peyreleau, en Aveyron\",\"breadcrumb\":{\"@id\":\"https:\/\/ermitagedepeyreleau.com\/index.php\/la-galerie-maison-dhotes-peyreleau-aveyron\/#breadcrumb\"},\"inLanguage\":\"fr-FR\",\"potentialAction\":[{\"@type\":\"ReadAction\",\"target\":[\"https:\/\/ermitagedepeyreleau.com\/index.php\/la-galerie-maison-dhotes-peyreleau-aveyron\/\"]}]},{\"@type\":\"BreadcrumbList\",\"@id\":\"https:\/\/ermitagedepeyreleau.com\/index.php\/la-galerie-maison-dhotes-peyreleau-aveyron\/#breadcrumb\",\"itemListElement\":[{\"@type\":\"ListItem\",\"position\":1,\"name\":\"Accueil\",\"item\":\"https:\/\/ermitagedepeyreleau.com\/\"},{\"@type\":\"ListItem\",\"position\":2,\"name\":\"La galerie Trou d&rsquo;art \u00e0 Peyreleau\"}]},{\"@type\":\"WebSite\",\"@id\":\"https:\/\/ermitagedepeyreleau.com\/#website\",\"url\":\"https:\/\/ermitagedepeyreleau.com\/\",\"name\":\"Ermitage de Peyreleau\",\"description\":\"Chambres d&#039;h\u00f4tes de Charme\",\"publisher\":{\"@id\":\"https:\/\/ermitagedepeyreleau.com\/#organization\"},\"potentialAction\":[{\"@type\":\"SearchAction\",\"target\":{\"@type\":\"EntryPoint\",\"urlTemplate\":\"https:\/\/ermitagedepeyreleau.com\/?s={search_term_string}\"},\"query-input\":\"required name=search_term_string\"}],\"inLanguage\":\"fr-FR\"},{\"@type\":\"Organization\",\"@id\":\"https:\/\/ermitagedepeyreleau.com\/#organization\",\"name\":\"Ermitage de Peyreleau\",\"url\":\"https:\/\/ermitagedepeyreleau.com\/\",\"logo\":{\"@type\":\"ImageObject\",\"inLanguage\":\"fr-FR\",\"@id\":\"https:\/\/ermitagedepeyreleau.com\/#\/schema\/logo\/image\/\",\"url\":\"https:\/\/ermitagedepeyreleau.com\/wp-content\/uploads\/2022\/04\/maison-et-gorges-2-scaled.jpg\",\"contentUrl\":\"https:\/\/ermitagedepeyreleau.com\/wp-content\/uploads\/2022\/04\/maison-et-gorges-2-scaled.jpg\",\"width\":1920,\"height\":2560,\"caption\":\"Ermitage de Peyreleau\"},\"image\":{\"@id\":\"https:\/\/ermitagedepeyreleau.com\/#\/schema\/logo\/image\/\"},\"sameAs\":[\"https:\/\/www.facebook.com\/ermitagedepeyreleau\"]}]}<\/script>\n<!-- \/ Yoast SEO plugin. -->","yoast_head_json":{"title":"Maison d'h\u00f4tes et La galerie Trou d'art \u00e0 Peyreleau , Aveyron","description":"D\u00e9couvrez les \u0153uvres de Philippe Garsi , dans notre maison d'h\u00f4tes, \u00e0 travers la galerie d'art \u00e0 Peyreleau, en Aveyron","robots":{"index":"index","follow":"follow","max-snippet":"max-snippet:-1","max-image-preview":"max-image-preview:large","max-video-preview":"max-video-preview:-1"},"canonical":"https:\/\/ermitagedepeyreleau.com\/index.php\/la-galerie-maison-dhotes-peyreleau-aveyron\/","og_locale":"fr_FR","og_type":"article","og_title":"Maison d'h\u00f4tes et La galerie Trou d'art \u00e0 Peyreleau , Aveyron","og_description":"D\u00e9couvrez les \u0153uvres de Philippe Garsi , dans notre maison d'h\u00f4tes, \u00e0 travers la galerie d'art \u00e0 Peyreleau, en Aveyron","og_url":"https:\/\/ermitagedepeyreleau.com\/index.php\/la-galerie-maison-dhotes-peyreleau-aveyron\/","og_site_name":"Ermitage de Peyreleau","article_publisher":"https:\/\/www.facebook.com\/ermitagedepeyreleau","article_modified_time":"2024-01-17T17:37:51+00:00","og_image":[{"url":"https:\/\/ermitagedepeyreleau.com\/wp-content\/uploads\/2021\/07\/dc_f0.jpg"}],"twitter_card":"summary_large_image","twitter_misc":{"Dur\u00e9e de lecture estim\u00e9e":"2 minutes"},"schema":{"@context":"https:\/\/schema.org","@graph":[{"@type":"WebPage","@id":"https:\/\/ermitagedepeyreleau.com\/index.php\/la-galerie-maison-dhotes-peyreleau-aveyron\/","url":"https:\/\/ermitagedepeyreleau.com\/index.php\/la-galerie-maison-dhotes-peyreleau-aveyron\/","name":"Maison d'h\u00f4tes et La galerie Trou d'art \u00e0 Peyreleau , Aveyron","isPartOf":{"@id":"https:\/\/ermitagedepeyreleau.com\/#website"},"datePublished":"2021-06-20T14:31:07+00:00","dateModified":"2024-01-17T17:37:51+00:00","description":"D\u00e9couvrez les \u0153uvres de Philippe Garsi , dans notre maison d'h\u00f4tes, \u00e0 travers la galerie d'art \u00e0 Peyreleau, en Aveyron","breadcrumb":{"@id":"https:\/\/ermitagedepeyreleau.com\/index.php\/la-galerie-maison-dhotes-peyreleau-aveyron\/#breadcrumb"},"inLanguage":"fr-FR","potentialAction":[{"@type":"ReadAction","target":["https:\/\/ermitagedepeyreleau.com\/index.php\/la-galerie-maison-dhotes-peyreleau-aveyron\/"]}]},{"@type":"BreadcrumbList","@id":"https:\/\/ermitagedepeyreleau.com\/index.php\/la-galerie-maison-dhotes-peyreleau-aveyron\/#breadcrumb","itemListElement":[{"@type":"ListItem","position":1,"name":"Accueil","item":"https:\/\/ermitagedepeyreleau.com\/"},{"@type":"ListItem","position":2,"name":"La galerie Trou d&rsquo;art \u00e0 Peyreleau"}]},{"@type":"WebSite","@id":"https:\/\/ermitagedepeyreleau.com\/#website","url":"https:\/\/ermitagedepeyreleau.com\/","name":"Ermitage de Peyreleau","description":"Chambres d&#039;h\u00f4tes de Charme","publisher":{"@id":"https:\/\/ermitagedepeyreleau.com\/#organization"},"potentialAction":[{"@type":"SearchAction","target":{"@type":"EntryPoint","urlTemplate":"https:\/\/ermitagedepeyreleau.com\/?s={search_term_string}"},"query-input":"required name=search_term_string"}],"inLanguage":"fr-FR"},{"@type":"Organization","@id":"https:\/\/ermitagedepeyreleau.com\/#organization","name":"Ermitage de Peyreleau","url":"https:\/\/ermitagedepeyreleau.com\/","logo":{"@type":"ImageObject","inLanguage":"fr-FR","@id":"https:\/\/ermitagedepeyreleau.com\/#\/schema\/logo\/image\/","url":"https:\/\/ermitagedepeyreleau.com\/wp-content\/uploads\/2022\/04\/maison-et-gorges-2-scaled.jpg","contentUrl":"https:\/\/ermitagedepeyreleau.com\/wp-content\/uploads\/2022\/04\/maison-et-gorges-2-scaled.jpg","width":1920,"height":2560,"caption":"Ermitage de Peyreleau"},"image":{"@id":"https:\/\/ermitagedepeyreleau.com\/#\/schema\/logo\/image\/"},"sameAs":["https:\/\/www.facebook.com\/ermitagedepeyreleau"]}]}},"_links":{"self":[{"href":"https:\/\/ermitagedepeyreleau.com\/index.php\/wp-json\/wp\/v2\/pages\/282"}],"collection":[{"href":"https:\/\/ermitagedepeyreleau.com\/index.php\/wp-json\/wp\/v2\/pages"}],"about":[{"href":"https:\/\/ermitagedepeyreleau.com\/index.php\/wp-json\/wp\/v2\/types\/page"}],"author":[{"embeddable":true,"href":"https:\/\/ermitagedepeyreleau.com\/index.php\/wp-json\/wp\/v2\/users\/1"}],"replies":[{"embeddable":true,"href":"https:\/\/ermitagedepeyreleau.com\/index.php\/wp-json\/wp\/v2\/comments?post=282"}],"version-history":[{"count":13,"href":"https:\/\/ermitagedepeyreleau.com\/index.php\/wp-json\/wp\/v2\/pages\/282\/revisions"}],"predecessor-version":[{"id":604,"href":"https:\/\/ermitagedepeyreleau.com\/index.php\/wp-json\/wp\/v2\/pages\/282\/revisions\/604"}],"wp:attachment":[{"href":"https:\/\/ermitagedepeyreleau.com\/index.php\/wp-json\/wp\/v2\/media?parent=282"}],"curies":[{"name":"wp","href":"https:\/\/api.w.org\/{rel}","templated":true}]}}